{"version":"1.0","provider_name":"Skin Room Wroniszewska","provider_url":"https:\/\/wroniszewska.pl\/skinroom","author_name":"Admin","author_url":"https:\/\/wroniszewska.pl\/skinroom\/author\/admin\/","title":"EU-SEB - pre i probiotyki \/ tr\u0105dzik - Skin Room Wroniszewska","type":"rich","width":600,"height":338,"html":"<blockquote class=\"wp-embedded-content\" data-secret=\"mDAsyorbUm\"><a href=\"https:\/\/wroniszewska.pl\/skinroom\/services\/eu-seb-pre-i-probiotyki-tradzik\/\">EU-SEB &#8211; pre i probiotyki \/ tr\u0105dzik<\/a><\/blockquote><iframe sandbox=\"allow-scripts\" security=\"restricted\" src=\"https:\/\/wroniszewska.pl\/skinroom\/services\/eu-seb-pre-i-probiotyki-tradzik\/embed\/#?secret=mDAsyorbUm\" width=\"600\" height=\"338\" title=\"&#8222;EU-SEB &#8211; pre i probiotyki \/ tr\u0105dzik&#8221; &#8212; Skin Room Wroniszewska\" data-secret=\"mDAsyorbUm\" frameborder=\"0\" marginwidth=\"0\" marginheight=\"0\" scrolling=\"no\" class=\"wp-embedded-content\"><\/iframe><script type=\"text\/javascript\">\n\/*! This file is auto-generated *\/\n!function(d,l){\"use strict\";var e=!1,o=!1;if(l.querySelector)if(d.addEventListener)e=!0;if(d.wp=d.wp||{},!d.wp.receiveEmbedMessage)if(d.wp.receiveEmbedMessage=function(e){var t=e.data;if(t)if(t.secret||t.message||t.value)if(!\/[^a-zA-Z0-9]\/.test(t.secret)){for(var r,a,i,s=l.querySelectorAll('iframe[data-secret=\"'+t.secret+'\"]'),n=l.querySelectorAll('blockquote[data-secret=\"'+t.secret+'\"]'),o=new RegExp(\"^https?:$\",\"i\"),c=0;c<n.length;c++)n[c].style.display=\"none\";for(c=0;c<s.length;c++)if(r=s[c],e.source===r.contentWindow){if(r.removeAttribute(\"style\"),\"height\"===t.message){if(1e3<(i=parseInt(t.value,10)))i=1e3;else if(~~i<200)i=200;r.height=i}if(\"link\"===t.message)if(a=l.createElement(\"a\"),i=l.createElement(\"a\"),a.href=r.getAttribute(\"src\"),i.href=t.value,o.test(i.protocol))if(i.host===a.host)if(l.activeElement===r)d.top.location.href=t.value}}},e)d.addEventListener(\"message\",d.wp.receiveEmbedMessage,!1),l.addEventListener(\"DOMContentLoaded\",t,!1),d.addEventListener(\"load\",t,!1);function t(){if(!o){o=!0;for(var e,t,r,a=-1!==navigator.appVersion.indexOf(\"MSIE 10\"),i=!!navigator.userAgent.match(\/Trident.*rv:11\\.\/),s=l.querySelectorAll(\"iframe.wp-embedded-content\"),n=0;n<s.length;n++){if(!(r=(t=s[n]).getAttribute(\"data-secret\")))r=Math.random().toString(36).substr(2,10),t.src+=\"#?secret=\"+r,t.setAttribute(\"data-secret\",r);if(a||i)(e=t.cloneNode(!0)).removeAttribute(\"security\"),t.parentNode.replaceChild(e,t);t.contentWindow.postMessage({message:\"ready\",secret:r},\"*\")}}}}(window,document);\n<\/script>\n","description":"[vc_row][vc_column][vc_empty_space height=&#8221;24px&#8221;][vc_column_text]Unikalny zabieg z pro- i prebiotykami wspomagaj\u0105cy leczenie \u0142agodnych do ci\u0119\u017ckich postaci tr\u0105dziku pospolitego, tr\u0105dziku r\u00f3\u017cowatego, sk\u00f3ry t\u0142ustej oraz problematycznej.[\/vc_column_text][vc_empty_space height=&#8221;24px&#8221;][\/vc_column][\/vc_row][vc_row][vc_column width=&#8221;1\/2&#8243;][vc_column_text]WSKAZANIA Przewlek\u0142y tr\u0105dzik wieku doros\u0142ego Sk\u00f3ra wra\u017cliwa i sk\u0142onna do stan\u00f3w zapalnych Sk\u00f3ra t\u0142usta z rozszerzonymi porami Szary koloryt sk\u00f3ry [\/vc_column_text][\/vc_column][vc_column width=&#8221;1\/2&#8243;][vc_column_text]EFEKTY Przywr\u00f3cenie zdrowej mikroflory sk\u00f3ry Od\u017cywienie fizjologicznej ekoflory Zmniejszenie ilo\u015bci bakterii patogennych na sk\u00f3rze G\u0142adka i matowa sk\u00f3ra bez stan\u00f3w zapalnych Zw\u0119\u017cone pory Przywr\u00f3cenie zdrowego kolorytu Ustabilizowanie produkcji sebum Zmniejszenie tkliwo\u015bci i wra\u017cliwo\u015bci sk\u00f3ry [\/vc_column_text][\/vc_column][\/vc_row][vc_row][vc_column][vc_column_text]Przed zabiegiem w SRW nale\u017cy przeprowadzi\u0107 konsultacj\u0119 kosmetologiczn\u0105.[\/vc_column_text][\/vc_column][\/vc_row][vc_row][vc_column][vc_column_text]Unikalny zabieg z pro- i prebiotykami wspomagaj\u0105cy leczenie \u0142agodnych do ci\u0119\u017ckich postaci tr\u0105dziku pospolitego, tr\u0105dziku r\u00f3\u017cowatego, sk\u00f3ry t\u0142ustej oraz problematycznej.[\/vc_column_text][\/vc_column][\/vc_row][vc_row][vc_column][vc_column_text] Alergia na kt\u00f3rykolwiek sk\u0142adnik obecny w preparacie Ci\u0105\u017ca oraz laktacja Opryszczka Choroby onkologiczne [\/vc_column_text][\/vc_column][\/vc_row][vc_row][vc_column][vc_column_text]Czas trwania zabiegu: 1h 30min Znieczulenie: Nie jest wymagane[\/vc_column_text][\/vc_column][\/vc_row][vc_row][vc_column][vc_column_text el_class=&#8221;lar-table&#8221;] EU-SEB \u2013 pre i probiotyki \/ tr\u0105dzik Zabieg na Czas trwania zabiegu Cena zabiegu Twarz 1h 30min 300 z\u0142 [\/vc_column_text][\/vc_column][\/vc_row]"}